{"id":122,"date":"2018-03-05T22:49:34","date_gmt":"2018-03-05T22:49:34","guid":{"rendered":"http:\/\/www.yiddishparis.com\/?page_id=122"},"modified":"2025-01-27T15:11:04","modified_gmt":"2025-01-27T15:11:04","slug":"levels-and-teachers","status":"publish","type":"page","link":"https:\/\/www.yiddishparis.com\/fr\/levels-and-teachers\/","title":{"rendered":"Niveaux et enseignants"},"content":{"rendered":"\n<p>Les cours auront lieu le matin de 9h30 \u00e0 13h. Selon les niveaux, l\u2019accent sera mis sur l\u2019apprentissage de la langue, \u00e0 l\u2019aide de diverses m\u00e9thodes, ou sur l\u2019\u00e9tude de textes litt\u00e9raires et historiques d\u2019\u00e9poques vari\u00e9es.&nbsp;<\/p>\n\n\n\n<h2 class=\"wp-block-heading\">D\u00e9butants<\/h2>\n\n\n\n<p>Niveau 1&nbsp;:&nbsp;<\/p>\n\n\n\n<ul>\n<li><strong>Clarisse Brossard&nbsp;<\/strong><\/li>\n\n\n\n<li><strong>Malena Chinski<\/strong><\/li>\n<\/ul>\n\n\n\n<p>Niveau 2&nbsp;:&nbsp;<\/p>\n\n\n\n<ul>\n<li><strong>Clarisse Brossard&nbsp;<\/strong><\/li>\n\n\n\n<li><strong>Sonia Dratwa-Pinkusowitz<\/strong><\/li>\n<\/ul>\n\n\n\n<h2 class=\"wp-block-heading\">Interm\u00e9diaires<\/h2>\n\n\n\n<p>Niveau 3&nbsp;:&nbsp;<\/p>\n\n\n\n<ul>\n<li><strong>Sonia Dratwa-Pinkusowitz<\/strong><\/li>\n\n\n\n<li><strong>Malena Chinski<\/strong><\/li>\n<\/ul>\n\n\n\n<h2 class=\"wp-block-heading\">Avanc\u00e9s<\/h2>\n\n\n\n<p>Niveau 4 :<\/p>\n\n\n\n<ul>\n<li><strong>Arnaud Bikard<\/strong>&nbsp;: Les histoires de Chelm et leur riche destin litt\u00e9raire.<\/li>\n\n\n\n<li><strong>Helen Beer<\/strong>&nbsp;: Etude des \u00e9crits de Rokhl Oyerbakh, auteure yiddish du XXe si\u00e8cle, historienne et essayiste.<\/li>\n<\/ul>\n\n\n\n<p>Niveau 5 :<\/p>\n\n\n\n<ul>\n<li><strong>Arnaud Bikard<\/strong>&nbsp;(trois semaines) : Don Quichotte dans la litt\u00e9rature yiddish.<\/li>\n\n\n\n<li><strong>Yitskhok Niborski<\/strong>&nbsp;(une semaine)&nbsp;: Grands po\u00e8tes pour petits enfants. Etude de textes de po\u00e8tes renomm\u00e9s destin\u00e9s \u00e0 la jeunesse.<\/li>\n\n\n\n<li><strong>Helen Beer<\/strong>&nbsp;(une semaine)&nbsp;: Les M\u00e9moires de Glikl Hamel, riche commer\u00e7ante hambourgeoise du XVIIe si\u00e8cle.<\/li>\n\n\n\n<li><strong>Gilles Rozier<\/strong>&nbsp;(une semaine)&nbsp;: Avrom Sutzkever en po\u00e9sie et en prose. Etude compar\u00e9e de ses po\u00e8mes du ghetto et d\u2019extraits de son livre en prose&nbsp;<em>Le ghetto de Wilno.<\/em><\/li>\n<\/ul>\n","protected":false},"excerpt":{"rendered":"<p>Les cours auront lieu le matin de 9h30 \u00e0 13h. Selon les niveaux, l\u2019accent sera mis sur l\u2019apprentissage de la langue, \u00e0 l\u2019aide de diverses m\u00e9thodes, ou sur l\u2019\u00e9tude de textes litt\u00e9raires et historiques d\u2019\u00e9poques vari\u00e9es.&nbsp; D\u00e9butants Niveau 1&nbsp;:&nbsp; Niveau 2&nbsp;:&nbsp; Interm\u00e9diaires Niveau 3&nbsp;:&nbsp; Avanc\u00e9s Niveau 4 : Niveau 5 :<\/p>\n","protected":false},"author":8,"featured_media":0,"parent":0,"menu_order":0,"comment_status":"closed","ping_status":"closed","template":"","meta":{"_monsterinsights_skip_tracking":false,"_monsterinsights_sitenote_active":false,"_monsterinsights_sitenote_note":"","_monsterinsights_sitenote_category":0},"_links":{"self":[{"href":"https:\/\/www.yiddishparis.com\/fr\/wp-json\/wp\/v2\/pages\/122"}],"collection":[{"href":"https:\/\/www.yiddishparis.com\/fr\/wp-json\/wp\/v2\/pages"}],"about":[{"href":"https:\/\/www.yiddishparis.com\/fr\/wp-json\/wp\/v2\/types\/page"}],"author":[{"embeddable":true,"href":"https:\/\/www.yiddishparis.com\/fr\/wp-json\/wp\/v2\/users\/8"}],"replies":[{"embeddable":true,"href":"https:\/\/www.yiddishparis.com\/fr\/wp-json\/wp\/v2\/comments?post=122"}],"version-history":[{"count":10,"href":"https:\/\/www.yiddishparis.com\/fr\/wp-json\/wp\/v2\/pages\/122\/revisions"}],"predecessor-version":[{"id":1419,"href":"https:\/\/www.yiddishparis.com\/fr\/wp-json\/wp\/v2\/pages\/122\/revisions\/1419"}],"wp:attachment":[{"href":"https:\/\/www.yiddishparis.com\/fr\/wp-json\/wp\/v2\/media?parent=122"}],"curies":[{"name":"wp","href":"https:\/\/api.w.org\/{rel}","templated":true}]}}